{"id":333,"date":"2026-03-10T12:23:20","date_gmt":"2026-03-10T11:23:20","guid":{"rendered":"https:\/\/www.evac.hu\/?page_id=333"},"modified":"2026-03-10T12:28:02","modified_gmt":"2026-03-10T11:28:02","slug":"rolunk","status":"publish","type":"page","link":"https:\/\/www.evac.hu\/index.php\/rolunk\/","title":{"rendered":"R\u00f3lunk"},"content":{"rendered":"\n<div class=\"wp-block-group\"><div class=\"wp-block-group__inner-container is-layout-constrained wp-block-group-is-layout-constrained\">\n<h1 class=\"wp-block-heading\">R\u00f3lunk<\/h1>\n\n\n\n<p><strong>Az EVAC elektronikus v\u00e9szhelyzeti riaszt\u00f3- \u00e9s hangos\u00edt\u00e1si rendszerek magyar fejleszt\u0151je \u00e9s gy\u00e1rt\u00f3ja.<\/strong><\/p>\n\n\n\n<p>Az EVAC olyan riaszt\u00e1si infrastrukt\u00far\u00e1k fejleszt\u00e9s\u00e9re t\u00f6rekszik, amelyek hossz\u00fa t\u00e1von megb\u00edzhat\u00f3an m\u0171k\u00f6dnek ipari \u00e9s katasztr\u00f3fav\u00e9delmi k\u00f6rnyezetben.<\/p>\n<\/div><\/div>\n\n\n\n<div class=\"wp-block-group\"><div class=\"wp-block-group__inner-container is-layout-constrained wp-block-group-is-layout-constrained\">\n<h2 class=\"wp-block-heading\">Szakmai h\u00e1tt\u00e9r<\/h2>\n\n\n\n<p>A v\u00e1llalat alap\u00edt\u00f3inak \u00e9s m\u00e9rn\u00f6keinek tapasztalata t\u00f6bb \u00e9vtizedes ipari riaszt\u00e1si rendszerek fejleszt\u00e9s\u00e9re \u00e9s \u00fczemeltet\u00e9s\u00e9re \u00e9p\u00fcl.<\/p>\n\n\n\n<p>A csapat sz\u00e1mos ipari l\u00e9tes\u00edtm\u00e9nyben \u00e9s kritikus infrastrukt\u00far\u00e1ban alkalmazott riaszt\u00e1si \u00e9s hangos\u00edt\u00e1si rendszerek tervez\u00e9s\u00e9ben, telep\u00edt\u00e9s\u00e9ben \u00e9s karbantart\u00e1s\u00e1ban vett r\u00e9szt. Az ilyen rendszerek eset\u00e9ben kiemelten fontos a stabil m\u0171k\u00f6d\u00e9s, a kisz\u00e1m\u00edthat\u00f3 \u00fczemeltet\u00e9s \u00e9s a hossz\u00fa t\u00e1v\u00fa megb\u00edzhat\u00f3s\u00e1g.<\/p>\n\n\n\n<p>Az EVAC fejleszt\u00e9sei erre a gyakorlati tapasztalatra \u00e9s m\u00e9rn\u00f6ki szeml\u00e9letre \u00e9p\u00fclnek.<\/p>\n<\/div><\/div>\n\n\n\n<div class=\"wp-block-group\"><div class=\"wp-block-group__inner-container is-layout-constrained wp-block-group-is-layout-constrained\">\n<h2 class=\"wp-block-heading\">Mit fejleszt \u00e9s gy\u00e1rt az EVAC<\/h2>\n\n\n\n<p>Az EVAC saj\u00e1t fejleszt\u00e9s\u0171 elektronikus v\u00e9szhelyzeti riaszt\u00f3- \u00e9s hangos\u00edt\u00e1si rendszereket tervez \u00e9s gy\u00e1rt.<\/p>\n\n\n\n<p>A rendszerek k\u00fcl\u00f6nb\u00f6z\u0151 komponensekb\u0151l \u00e9p\u00fclnek fel, p\u00e9ld\u00e1ul:<\/p>\n\n\n\n<ul class=\"wp-block-list\">\n<li>elektronikus szir\u00e9na- \u00e9s k\u00fclt\u00e9ri hangos\u00edt\u00f3 egys\u00e9gek<\/li>\n\n\n\n<li>belt\u00e9ri v\u00e9szhelyzeti hangos\u00edt\u00e1si rendszerek<\/li>\n\n\n\n<li>bemond\u00f3pultok<\/li>\n\n\n\n<li>riaszt\u00e1sind\u00edt\u00f3 eszk\u00f6z\u00f6k<\/li>\n\n\n\n<li>vez\u00e9rl\u0151- \u00e9s interf\u00e9sz modulok<\/li>\n<\/ul>\n\n\n\n<p>A rendszer alkalmas&nbsp;<strong>katasztr\u00f3fav\u00e9delmi riaszt\u00f3jelz\u00e9sek<\/strong>, egyedi riaszt\u00e1si hangok, el\u0151re r\u00f6gz\u00edtett \u00fczenetek \u00e9s \u00e9l\u0151besz\u00e9des t\u00e1j\u00e9koztat\u00e1s sug\u00e1rz\u00e1s\u00e1ra.<\/p>\n<\/div><\/div>\n\n\n\n<div class=\"wp-block-group\"><div class=\"wp-block-group__inner-container is-layout-constrained wp-block-group-is-layout-constrained\">\n<h2 class=\"wp-block-heading\">Fejleszt\u00e9si szeml\u00e9let<\/h2>\n\n\n\n<p>Az EVAC rendszereinek fejleszt\u00e9se sor\u00e1n kiemelt szempont az egys\u00e9ges rendszerarchitekt\u00fara \u00e9s a hossz\u00fa t\u00e1von fenntarthat\u00f3 rendszerfel\u00e9p\u00edt\u00e9s.<\/p>\n\n\n\n<p>A rendszerek olyan technol\u00f3giai alapokra \u00e9p\u00fclnek, amelyek lehet\u0151v\u00e9 teszik:<\/p>\n\n\n\n<ul class=\"wp-block-list\">\n<li>a decentraliz\u00e1lt m\u0171k\u00f6d\u00e9st<\/li>\n\n\n\n<li>t\u00f6bb vez\u00e9rl\u00e9si pont kialak\u00edt\u00e1s\u00e1t<\/li>\n\n\n\n<li>ipari rendszerekkel t\u00f6rt\u00e9n\u0151 integr\u00e1ci\u00f3t<\/li>\n\n\n\n<li>rugalmas rendszerkonfigur\u00e1ci\u00f3t<\/li>\n<\/ul>\n\n\n\n<p>Ez a megk\u00f6zel\u00edt\u00e9s lehet\u0151v\u00e9 teszi, hogy a riaszt\u00e1si infrastrukt\u00fara k\u00fcl\u00f6nb\u00f6z\u0151 ipari vagy katasztr\u00f3fav\u00e9delmi k\u00f6rnyezetben is alkalmazhat\u00f3 legyen.<\/p>\n<\/div><\/div>\n\n\n\n<div class=\"wp-block-group\"><div class=\"wp-block-group__inner-container is-layout-constrained wp-block-group-is-layout-constrained\">\n<h2 class=\"wp-block-heading\">Gy\u00e1rt\u00e1si szeml\u00e9let<\/h2>\n\n\n\n<p>Az EVAC t\u00f6rekszik arra, hogy a fejleszt\u00e9s \u00e9s gy\u00e1rt\u00e1s sor\u00e1n lehet\u0151s\u00e9g szerint magyar besz\u00e1ll\u00edt\u00f3kat \u00e9s hazai gy\u00e1rt\u00e1si kapacit\u00e1sokat haszn\u00e1ljon.<\/p>\n\n\n\n<p>A gy\u00e1rt\u00e1s sor\u00e1n kiemelt szempont a stabil m\u0171k\u00f6d\u00e9s, az ipari k\u00f6rnyezetben t\u00f6rt\u00e9n\u0151 alkalmazhat\u00f3s\u00e1g \u00e9s a hossz\u00fa t\u00e1v\u00fa \u00fczemeltet\u00e9s t\u00e1mogat\u00e1sa.<\/p>\n<\/div><\/div>\n\n\n\n<div class=\"wp-block-group\"><div class=\"wp-block-group__inner-container is-layout-constrained wp-block-group-is-layout-constrained\">\n<h2 class=\"wp-block-heading\">J\u00f6v\u0151k\u00e9p<\/h2>\n\n\n\n<p>Az EVAC c\u00e9lja olyan v\u00e9szhelyzeti riaszt\u00f3- \u00e9s hangos\u00edt\u00e1si rendszerek fejleszt\u00e9se, amelyek megb\u00edzhat\u00f3 m\u0171k\u00f6d\u00e9st biztos\u00edtanak ipari l\u00e9tes\u00edtm\u00e9nyekben \u00e9s kritikus infrastrukt\u00far\u00e1kban.<\/p>\n\n\n\n<p>A fejleszt\u00e9sek k\u00f6z\u00e9ppontj\u00e1ban a rugalmas rendszerarchitekt\u00fara, az ipari integr\u00e1ci\u00f3 \u00e9s a hossz\u00fa t\u00e1von fenntarthat\u00f3 m\u0171szaki megold\u00e1sok \u00e1llnak.<\/p>\n<\/div><\/div>\n","protected":false},"excerpt":{"rendered":"<p>R\u00f3lunk Az EVAC elektronikus v\u00e9szhelyzeti riaszt\u00f3- \u00e9s hangos\u00edt\u00e1si rendszerek magyar fejleszt\u0151je \u00e9s gy\u00e1rt\u00f3ja. Az EVAC olyan riaszt\u00e1si infrastrukt\u00far\u00e1k fejleszt\u00e9s\u00e9re t\u00f6rekszik, amelyek hossz\u00fa t\u00e1von megb\u00edzhat\u00f3an m\u0171k\u00f6dnek ipari \u00e9s katasztr\u00f3fav\u00e9delmi k\u00f6rnyezetben. Szakmai h\u00e1tt\u00e9r A v\u00e1llalat alap\u00edt\u00f3inak \u00e9s m\u00e9rn\u00f6keinek tapasztalata t\u00f6bb \u00e9vtizedes ipari riaszt\u00e1si rendszerek fejleszt\u00e9s\u00e9re \u00e9s \u00fczemeltet\u00e9s\u00e9re \u00e9p\u00fcl. A csapat sz\u00e1mos ipari l\u00e9tes\u00edtm\u00e9nyben \u00e9s kritikus infrastrukt\u00far\u00e1ban alkalmazott &#8230; <a title=\"R\u00f3lunk\" class=\"read-more\" href=\"https:\/\/www.evac.hu\/index.php\/rolunk\/\" aria-label=\"Read more about R\u00f3lunk\">Olvass tov\u00e1bb<\/a><\/p>\n","protected":false},"author":1,"featured_media":0,"parent":0,"menu_order":0,"comment_status":"closed","ping_status":"closed","template":"","meta":{"footnotes":""},"class_list":["post-333","page","type-page","status-publish"],"_links":{"self":[{"href":"https:\/\/www.evac.hu\/index.php\/wp-json\/wp\/v2\/pages\/333","targetHints":{"allow":["GET"]}}],"collection":[{"href":"https:\/\/www.evac.hu\/index.php\/wp-json\/wp\/v2\/pages"}],"about":[{"href":"https:\/\/www.evac.hu\/index.php\/wp-json\/wp\/v2\/types\/page"}],"author":[{"embeddable":true,"href":"https:\/\/www.evac.hu\/index.php\/wp-json\/wp\/v2\/users\/1"}],"replies":[{"embeddable":true,"href":"https:\/\/www.evac.hu\/index.php\/wp-json\/wp\/v2\/comments?post=333"}],"version-history":[{"count":3,"href":"https:\/\/www.evac.hu\/index.php\/wp-json\/wp\/v2\/pages\/333\/revisions"}],"predecessor-version":[{"id":338,"href":"https:\/\/www.evac.hu\/index.php\/wp-json\/wp\/v2\/pages\/333\/revisions\/338"}],"wp:attachment":[{"href":"https:\/\/www.evac.hu\/index.php\/wp-json\/wp\/v2\/media?parent=333"}],"curies":[{"name":"wp","href":"https:\/\/api.w.org\/{rel}","templated":true}]}}